{"id":278,"date":"2022-07-02T12:24:33","date_gmt":"2022-07-02T12:24:33","guid":{"rendered":"https:\/\/www.kesmarkidr.hu\/?page_id=278"},"modified":"2022-07-02T17:04:16","modified_gmt":"2022-07-02T17:04:16","slug":"vaszkularis-eletkor","status":"publish","type":"page","link":"https:\/\/www.kesmarkidr.hu\/?page_id=278","title":{"rendered":"Vaszkul\u00e1ris \u00e9letkor"},"content":{"rendered":"\n<h1 class=\"has-text-align-center wp-block-heading\">&#8222;Az ember annyi id\u0151s, mint az art\u00e9ri\u00e1i.&#8221; Dr. Thomas Sydenham, British physician (1624-1689)<\/h1>\n\n\n\n<div style=\"height:25px\" aria-hidden=\"true\" class=\"wp-block-spacer\"><\/div>\n\n\n\n<h1 class=\"has-text-align-center wp-block-heading\">A vaszkul\u00e1ris \u00e9letkor&nbsp;<\/h1>\n\n\n\n<div style=\"height:25px\" aria-hidden=\"true\" class=\"wp-block-spacer\"><\/div>\n\n\n\n<h3 class=\"has-text-align-center wp-block-heading\">A korai \u00e9rfali \u00f6reged\u00e9s a sz\u00edv- \u00e9s \u00e9rrendszeri prevenci\u00f3ban<br>&nbsp;<br>Az art\u00e9ri\u00e1s rendszer \u00f6reged\u00e9se a biol\u00f3giai \u00f6reged\u00e9s velej\u00e1r\u00f3ja, mely meghat\u00e1rozza a k\u00fcl\u00f6nb\u00f6z\u0151 szervek m\u0171k\u00f6d\u00e9s\u00e9t. Az art\u00e9riafalban ez az elasztinrostok cs\u00f6kken\u00e9s\u00e9vel, a kollag\u00e9nrostok mennyis\u00e9g\u00e9nek n\u00f6veked\u00e9s\u00e9vel \u00e9s azok keresztk\u00f6t\u00e9seivel j\u00e1r, mely v\u00e9gs\u0151 soron art\u00e9ri\u00e1s rugalmatlans\u00e1ghoz (stiffness) vezet, \u00e9s egy\u00fattal magasabb centr\u00e1lis \u00e9s perif\u00e9ri\u00e1s v\u00e9rnyom\u00e1st is mag\u00e1val hoz, melyet v\u00e9rnyom\u00e1svariabilit\u00e1s is k\u00f6vet. Az ut\u00f3bbi \u00e9vekben ezen folyamatok meg\u00e9rt\u00e9se vezetett a korai \u00e9rfali \u00f6reged\u00e9s (EVA, early vascular ageing) fogalm\u00e1nak bevezet\u00e9s\u00e9hez azon p\u00e1ciensek eset\u00e9ben, ahol a koruknak \u00e9s nem\u00fcknek megfelel\u0151 art\u00e9ri\u00e1s stiffness \u00e9rt\u00e9kekn\u00e9l magasabbak azt ezt jellemz\u0151 \u00e9rt\u00e9keik. Ez az \u00e1llapot emelkedett sz\u00edv- \u00e9s \u00e9rrendszeri rizik\u00f3val j\u00e1r, kognit\u00edv diszfunkci\u00f3val \u00e9s a biol\u00f3giai \u00f6reged\u00e9s egy\u00e9b jelei is k\u00eds\u00e9rhetik.&nbsp;<\/h3>\n\n\n\n<div class=\"wp-block-columns alignwide is-layout-flex wp-container-core-columns-is-layout-8f761849 wp-block-columns-is-layout-flex\">\n<div class=\"wp-block-column has-text-color has-background has-link-color wp-elements-1 is-layout-flow wp-block-column-is-layout-flow\" style=\"background-color:#f6f6f6;color:#000000;padding-top:2em;padding-right:2em;padding-bottom:2em;padding-left:2em;flex-basis:800px\">\n<h2 class=\"wp-block-heading\" id=\"single\" style=\"font-size:40px\"><img loading=\"lazy\" decoding=\"async\" width=\"700\" height=\"411\" class=\"wp-image-53\" style=\"width: 700px;\" src=\"https:\/\/www.kesmarkidr.hu\/wp-content\/uploads\/2022\/07\/asclero1-800x469-1.png\" alt=\"\" srcset=\"https:\/\/www.kesmarkidr.hu\/wp-content\/uploads\/2022\/07\/asclero1-800x469-1.png 799w, https:\/\/www.kesmarkidr.hu\/wp-content\/uploads\/2022\/07\/asclero1-800x469-1-300x176.png 300w, https:\/\/www.kesmarkidr.hu\/wp-content\/uploads\/2022\/07\/asclero1-800x469-1-768x451.png 768w\" sizes=\"auto, (max-width: 700px) 100vw, 700px\" \/> <\/h2>\n\n\n\n<h4 class=\"wp-block-heading\">Az art\u00e9ri\u00e1k \u00f6reged\u00e9se egy\u00e9nenk\u00e9nt igen elt\u00e9r\u0151 lehet a biol\u00f3giai \u00e9letkort\u00f3l. A&#8221;korai vaszkul\u00e1ris \u00f6reged\u00e9s&#8221; felismer\u00e9se \u00e9s kezel\u00e9se a hat\u00e9kony sz\u00edv \u00e9s \u00e9rrendszeri prevenci\u00f3 alapk\u00f6ve lehetne<\/h4>\n\n\n\n<div class=\"wp-block-buttons alignfull is-horizontal is-content-justification-center is-layout-flex wp-container-core-buttons-is-layout-7d812b4c wp-block-buttons-is-layout-flex\"><\/div>\n<\/div>\n\n\n\n<div class=\"wp-block-column has-text-color has-background has-link-color wp-elements-2 is-layout-flow wp-block-column-is-layout-flow\" style=\"background-color:#f6f6f6;color:#000000;padding-top:2em;padding-right:2em;padding-bottom:2em;padding-left:2em;flex-basis:400px\">\n<h2 class=\"wp-block-heading\" id=\"family\" style=\"font-size:40px\"><img loading=\"lazy\" decoding=\"async\" width=\"500\" height=\"665\" class=\"wp-image-55\" style=\"width: 500px;\" src=\"https:\/\/www.kesmarkidr.hu\/wp-content\/uploads\/2022\/07\/doctor-2337835-480.webp\" alt=\"\" srcset=\"https:\/\/www.kesmarkidr.hu\/wp-content\/uploads\/2022\/07\/doctor-2337835-480.webp 288w, https:\/\/www.kesmarkidr.hu\/wp-content\/uploads\/2022\/07\/doctor-2337835-480-226x300.webp 226w\" sizes=\"auto, (max-width: 500px) 100vw, 500px\" \/><\/h2>\n\n\n\n<h4 class=\"wp-block-heading\">&#8222;A vaszkul\u00e1ris \u00e9letkor ismertet\u00e9s\u00e9nek \u00f3ri\u00e1si<br>jelent\u0151s\u00e9ge van a betegekkel val\u00f3 kommunik\u00e1ci\u00f3<br>szempontj\u00e1b\u00f3l.&#8221; <\/h4>\n\n\n\n<p class=\"wp-block-paragraph\">DR. Cs\u00e1sz\u00e1r Albert<\/p>\n<\/div>\n<\/div>\n\n\n\n<div class=\"wp-block-columns alignwide is-layout-flex wp-container-core-columns-is-layout-8f761849 wp-block-columns-is-layout-flex\">\n<div class=\"wp-block-column has-text-color has-background has-link-color wp-elements-3 is-layout-flow wp-block-column-is-layout-flow\" style=\"background-color:#f6f6f6;color:#000000;padding-top:2em;padding-right:2em;padding-bottom:2em;padding-left:2em;flex-basis:600px\">\n<h2 class=\"wp-block-heading\" id=\"single\" style=\"font-size:40px\"><img loading=\"lazy\" decoding=\"async\" width=\"500\" height=\"653\" class=\"wp-image-66\" style=\"width: 500px;\" src=\"https:\/\/www.kesmarkidr.hu\/wp-content\/uploads\/2022\/07\/artletkor-lelet-676x883-1.png\" alt=\"\" srcset=\"https:\/\/www.kesmarkidr.hu\/wp-content\/uploads\/2022\/07\/artletkor-lelet-676x883-1.png 676w, https:\/\/www.kesmarkidr.hu\/wp-content\/uploads\/2022\/07\/artletkor-lelet-676x883-1-230x300.png 230w\" sizes=\"auto, (max-width: 500px) 100vw, 500px\" \/> <\/h2>\n\n\n\n<h4 class=\"wp-block-heading\">Az art\u00e9ri\u00e1s \u00e9letkor meghat\u00e1roz\u00e1sa Arteriogr\u00e1f k\u00e9sz\u00fcl\u00e9kkel<br>eg\u00e9szs\u00e9ges p\u00e1ciensn\u00e9l<\/h4>\n\n\n\n<p class=\"wp-block-paragraph\">A noninvaz\u00edv m\u00f3don r\u00f6gz\u00edtett aorta nyom\u00e1sg\u00f6rbe anal\u00edzis\u00e9vel meghat\u00e1rozhat\u00f3 a Pulzushull\u00e1m Sebess\u00e9g. (PWV) &nbsp;A t\u00f6bb t\u00edzezres adatb\u00e1zis alapj\u00e1n a p\u00e1ciensnek \u00e1tlaghoz viszony\u00edtott relat\u00edv art\u00e9ri\u00e1s \u00e9letkora meghat\u00e1rozhat\u00f3. Ez j\u00f3 esetben a biol\u00f3giai \u00e9letkorn\u00e1l kevesebb.<\/p>\n\n\n\n<div class=\"wp-block-buttons alignfull is-horizontal is-content-justification-center is-layout-flex wp-container-core-buttons-is-layout-7d812b4c wp-block-buttons-is-layout-flex\"><\/div>\n<\/div>\n\n\n\n<div class=\"wp-block-column has-text-color has-background has-link-color wp-elements-4 is-layout-flow wp-block-column-is-layout-flow\" style=\"background-color:#f6f6f6;color:#000000;padding-top:2em;padding-right:2em;padding-bottom:2em;padding-left:2em;flex-basis:600px\">\n<h2 class=\"wp-block-heading\" id=\"family\" style=\"font-size:40px\"><img loading=\"lazy\" decoding=\"async\" width=\"500\" height=\"654\" class=\"wp-image-64\" style=\"width: 500px;\" src=\"https:\/\/www.kesmarkidr.hu\/wp-content\/uploads\/2022\/07\/artletkor-beteg-1046x1366-1.png\" alt=\"\" srcset=\"https:\/\/www.kesmarkidr.hu\/wp-content\/uploads\/2022\/07\/artletkor-beteg-1046x1366-1.png 1040w, https:\/\/www.kesmarkidr.hu\/wp-content\/uploads\/2022\/07\/artletkor-beteg-1046x1366-1-229x300.png 229w, https:\/\/www.kesmarkidr.hu\/wp-content\/uploads\/2022\/07\/artletkor-beteg-1046x1366-1-783x1024.png 783w, https:\/\/www.kesmarkidr.hu\/wp-content\/uploads\/2022\/07\/artletkor-beteg-1046x1366-1-768x1004.png 768w\" sizes=\"auto, (max-width: 500px) 100vw, 500px\" \/><\/h2>\n\n\n\n<h4 class=\"wp-block-heading\">Az art\u00e9ri\u00e1s \u00e9letkor meghat\u00e1roz\u00e1sa Arteriogr\u00e1f k\u00e9sz\u00fcl\u00e9kkel<br>\u00e9relmeszesed\u00e9ses p\u00e1ciensn\u00e9l<\/h4>\n\n\n\n<p class=\"wp-block-paragraph\">A noninvaz\u00edv m\u00f3don r\u00f6gz\u00edtett aorta nyom\u00e1sg\u00f6rbe anal\u00edzis\u00e9vel meghat\u00e1rozhat\u00f3 a Pulzushull\u00e1m Sebess\u00e9g. (PWV) A t\u00f6bb t\u00edzezres adatb\u00e1zis alapj\u00e1n a p\u00e1ciensnek \u00e1tlaghoz viszony\u00edtott relat\u00edv art\u00e9ri\u00e1s \u00e9letkora meghat\u00e1rozhat\u00f3. Ez beteg p\u00e1ciensn\u00e9l a biol\u00f3giai \u00e9letkorn\u00e1l j\u00f3val t\u00f6bb is lehet.<\/p>\n<\/div>\n<\/div>\n","protected":false},"excerpt":{"rendered":"<p>&#8222;Az ember annyi id\u0151s, mint az art\u00e9ri\u00e1i.&#8221; Dr. Thomas Sydenham, British physician (1624-1689) A vaszkul\u00e1ris \u00e9letkor&nbsp; A korai \u00e9rfali \u00f6reged\u00e9s a sz\u00edv- \u00e9s \u00e9rrendszeri prevenci\u00f3ban&nbsp;Az art\u00e9ri\u00e1s rendszer \u00f6reged\u00e9se a biol\u00f3giai \u00f6reged\u00e9s velej\u00e1r\u00f3ja, mely meghat\u00e1rozza a k\u00fcl\u00f6nb\u00f6z\u0151 szervek m\u0171k\u00f6d\u00e9s\u00e9t. Az art\u00e9riafalban ez az elasztinrostok cs\u00f6kken\u00e9s\u00e9vel, a kollag\u00e9nrostok mennyis\u00e9g\u00e9nek n\u00f6veked\u00e9s\u00e9vel \u00e9s azok keresztk\u00f6t\u00e9seivel j\u00e1r, mely v\u00e9gs\u0151 soron [&hellip;]<\/p>\n","protected":false},"author":1,"featured_media":0,"parent":0,"menu_order":0,"comment_status":"closed","ping_status":"closed","template":"","meta":{"footnotes":""},"class_list":["post-278","page","type-page","status-publish","hentry"],"_links":{"self":[{"href":"https:\/\/www.kesmarkidr.hu\/index.php?rest_route=\/wp\/v2\/pages\/278","targetHints":{"allow":["GET"]}}],"collection":[{"href":"https:\/\/www.kesmarkidr.hu\/index.php?rest_route=\/wp\/v2\/pages"}],"about":[{"href":"https:\/\/www.kesmarkidr.hu\/index.php?rest_route=\/wp\/v2\/types\/page"}],"author":[{"embeddable":true,"href":"https:\/\/www.kesmarkidr.hu\/index.php?rest_route=\/wp\/v2\/users\/1"}],"replies":[{"embeddable":true,"href":"https:\/\/www.kesmarkidr.hu\/index.php?rest_route=%2Fwp%2Fv2%2Fcomments&post=278"}],"version-history":[{"count":17,"href":"https:\/\/www.kesmarkidr.hu\/index.php?rest_route=\/wp\/v2\/pages\/278\/revisions"}],"predecessor-version":[{"id":398,"href":"https:\/\/www.kesmarkidr.hu\/index.php?rest_route=\/wp\/v2\/pages\/278\/revisions\/398"}],"wp:attachment":[{"href":"https:\/\/www.kesmarkidr.hu\/index.php?rest_route=%2Fwp%2Fv2%2Fmedia&parent=278"}],"curies":[{"name":"wp","href":"https:\/\/api.w.org\/{rel}","templated":true}]}}